{"id":2342,"date":"2018-11-12T10:40:55","date_gmt":"2018-11-12T10:40:55","guid":{"rendered":"https:\/\/htb.com.pl\/?post_type=product&#038;p=2342"},"modified":"2018-11-12T11:24:46","modified_gmt":"2018-11-12T11:24:46","slug":"generalowie-niewygodna-prawda-o-polskiej-armii-audiobook","status":"publish","type":"product","link":"https:\/\/htb.com.pl\/?product=generalowie-niewygodna-prawda-o-polskiej-armii-audiobook","title":{"rendered":"Genera\u0142owie. Niewygodna prawda o polskiej armii. Audiobook"},"content":{"rendered":"<table border=\"0\" cellspacing=\"0\" cellpadding=\"0\">\n<tbody>\n<tr valign=\"top\">\n<td align=\"left\">\n<table border=\"0\" width=\"100%\" cellspacing=\"0\" cellpadding=\"5\">\n<tbody>\n<tr>\n<td align=\"left\">\n<table cellspacing=\"0\" cellpadding=\"5\">\n<tbody>\n<tr valign=\"top\">\n<td>\n<table cellspacing=\"0\" cellpadding=\"0\">\n<tbody>\n<tr>\n<td>\n<table border=\"0\" cellspacing=\"0\" cellpadding=\"0\">\n<tbody>\n<tr>\n<td>Genera\u0142owie. Niewygodna prawda o polskiej armii. Audiobook<\/td>\n<\/tr>\n<\/tbody>\n<\/table>\n<\/td>\n<td align=\"right\" nowrap=\"nowrap\" width=\"60\">\n<table cellspacing=\"0\" cellpadding=\"0\">\n<tbody>\n<tr>\n<td nowrap=\"nowrap\"><span style=\"color: black;\">\u00a0<\/span><\/td>\n<\/tr>\n<\/tbody>\n<\/table>\n<\/td>\n<\/tr>\n<tr>\n<td colspan=\"2\" height=\"5\"><\/td>\n<\/tr>\n<tr>\n<td colspan=\"2\" valign=\"top\">\n<table border=\"0\" width=\"100%\" cellspacing=\"0\" cellpadding=\"0\">\n<tbody>\n<tr>\n<td>\n<div align=\"justify\">Nie bali si\u0119 powiedzie\u0107 \u201eNIE\u201d. Dlatego zostali zmuszeni do odej\u015bcia albo na znak protestu odeszli sami. Najwy\u017csi dow\u00f3dcy polskiej armii w szczerej rozmowie o naciskach, niszczeniu ludzi, rozbrajaniu polskiego wojska i b\u0142\u0119dach Antoniego Macierewicza. Dlaczego Obrona Terytorialna zagra\u017ca polskiej armii, t\u0142umaczy &#8230;<\/div>\n<\/td>\n<\/tr>\n<\/tbody>\n<\/table>\n<\/td>\n<\/tr>\n<\/tbody>\n<\/table>\n<\/td>\n<\/tr>\n<\/tbody>\n<\/table>\n<\/td>\n<\/tr>\n<\/tbody>\n<\/table>\n<\/td>\n<\/tr>\n<\/tbody>\n<\/table>\n","protected":false},"excerpt":{"rendered":"[audio mp3=\"https:\/\/htb.com.pl\/wp-content\/uploads\/2018\/11\/Tarabany.mp3\"][\/audio]\n<table cellspacing=\"0\" cellpadding=\"5\">\n<tbody>\n<tr valign=\"top\">\n<td>\n<table cellspacing=\"0\" cellpadding=\"0\">\n<tbody>\n<tr>\n<td>\n<table border=\"0\" cellspacing=\"0\" cellpadding=\"0\">\n<tbody>\n<tr>\n<td>Genera\u0142owie. Niewygodna prawda o polskiej armii. Audiobook<\/td>\n<\/tr>\n<\/tbody>\n<\/table>\n<\/td>\n<td align=\"right\" nowrap=\"nowrap\" width=\"60\">\n<table cellspacing=\"0\" cellpadding=\"0\">\n<tbody>\n<tr>\n<td nowrap=\"nowrap\"><span style=\"color: black;\">\u00a0<\/span><\/td>\n<\/tr>\n<\/tbody>\n<\/table>\n<\/td>\n<\/tr>\n<tr>\n<td colspan=\"2\" height=\"5\"><\/td>\n<\/tr>\n<tr>\n<td colspan=\"2\" valign=\"top\">\n<table border=\"0\" width=\"100%\" cellspacing=\"0\" cellpadding=\"0\">\n<tbody>\n<tr>\n<td>\n<table border=\"0\" width=\"100%\" cellspacing=\"0\" cellpadding=\"0\">\n<tbody>\n<tr>\n<td>Juliusz \u0106wieluch<\/td>\n<\/tr>\n<tr>\n<td align=\"left\">\n<div>wydawnictwo:\u00a0<b>StoryBox.pl<\/b>, rok wydania:\u00a0<b>2018<\/b>, no\u015bnik:\u00a0<b>CD<\/b><\/div>\n<\/td>\n<\/tr>\n<\/tbody>\n<\/table>\n<\/td>\n<\/tr>\n<\/tbody>\n<\/table>\n<\/td>\n<\/tr>\n<\/tbody>\n<\/table>\n<\/td>\n<\/tr>\n<\/tbody>\n<\/table>\n","protected":false},"featured_media":2343,"comment_status":"open","ping_status":"closed","template":"","meta":[],"class_list":{"0":"post-2342","1":"product","2":"type-product","3":"status-publish","4":"has-post-thumbnail","6":"product_tag-generalowie-niewygodna-prawda-o-polskiej-armii-audiobook","8":"first","9":"instock","10":"taxable","11":"shipping-taxable","12":"purchasable","13":"product-type-simple"},"jetpack_sharing_enabled":true,"_links":{"self":[{"href":"https:\/\/htb.com.pl\/index.php?rest_route=\/wp\/v2\/product\/2342","targetHints":{"allow":["GET"]}}],"collection":[{"href":"https:\/\/htb.com.pl\/index.php?rest_route=\/wp\/v2\/product"}],"about":[{"href":"https:\/\/htb.com.pl\/index.php?rest_route=\/wp\/v2\/types\/product"}],"replies":[{"embeddable":true,"href":"https:\/\/htb.com.pl\/index.php?rest_route=%2Fwp%2Fv2%2Fcomments&post=2342"}],"wp:featuredmedia":[{"embeddable":true,"href":"https:\/\/htb.com.pl\/index.php?rest_route=\/wp\/v2\/media\/2343"}],"wp:attachment":[{"href":"https:\/\/htb.com.pl\/index.php?rest_route=%2Fwp%2Fv2%2Fmedia&parent=2342"}],"curies":[{"name":"wp","href":"https:\/\/api.w.org\/{rel}","templated":true}]}}